{"id":6806,"date":"2021-12-15T19:22:40","date_gmt":"2021-12-15T18:22:40","guid":{"rendered":"https:\/\/leclosdesgites.com\/?page_id=6806"},"modified":"2022-10-07T11:27:05","modified_gmt":"2022-10-07T09:27:05","slug":"politique-de-confidentialite-au-clos-des-gites-en-2019","status":"publish","type":"page","link":"https:\/\/leclosdesgites.com\/en\/politique-de-confidentialite-au-clos-des-gites-en-2019\/","title":{"rendered":"Politique de confidentialit\u00e9"},"content":{"rendered":"[et_pb_section fb_built=&#8221;1&#8243; _builder_version=&#8221;4.14.2&#8243; _module_preset=&#8221;default&#8221; hover_enabled=&#8221;0&#8243; global_colors_info=&#8221;{}&#8221; background_color=&#8221;#000000&#8243; sticky_enabled=&#8221;0&#8243;][et_pb_row _builder_version=&#8221;4.14.2&#8243; _module_preset=&#8221;default&#8221; global_colors_info=&#8221;{}&#8221;][et_pb_column type=&#8221;4_4&#8243; _builder_version=&#8221;4.14.2&#8243; _module_preset=&#8221;default&#8221; global_colors_info=&#8221;{}&#8221;][et_pb_text _builder_version=&#8221;4.14.2&#8243; _module_preset=&#8221;default&#8221; hover_enabled=&#8221;0&#8243; global_colors_info=&#8221;{}&#8221; text_text_color=&#8221;#FFFFFF&#8221; header_text_color=&#8221;#FFFFFF&#8221; sticky_enabled=&#8221;0&#8243;]\n<h1><strong>Politique de confidentialit\u00e9 du Clos des G\u00eetes<\/strong><\/h1>\n<h1><strong>Introduction<\/strong><\/h1>\n<p>Dans le cadre de l\u2019utilisation de ses services et notamment des services accessibles sur son site internet, LE CLOS DES G\u00ceTES, en qualit\u00e9 de responsable de traitement, est susceptible de collecter et traiter des donn\u00e9es \u00e0 caract\u00e8re personnel vous concernant.<\/p>\n<p>Nous sommes attach\u00e9s au respect des r\u00e8gles de protection de la vie priv\u00e9e des prospects et des visiteurs de notre sites internet. L\u2019ensemble des traitements de donn\u00e9es personnelles mis en \u0153uvre dans le cadre des services accessibles respecte la r\u00e9glementation locale applicable en mati\u00e8re de protection des donn\u00e9es personnelles et notamment les dispositions de la loi \u00ab informatique et libert\u00e9s \u00bb du 6 janvier 1978 modifi\u00e9e et le R\u00e8glement G\u00e9n\u00e9ral sur la Protection des Donn\u00e9es (R\u00e8glement UE 2016\/679) ou \u00ab RGPD \u00bb.<\/p>\n<h1><strong>1 \u2013 QUELS SONT NOS ENGAGEMENTS EN MATI\u00c8RE DE PROTECTION DES DONN\u00c9ES PERSONNELLES ?<\/strong><\/h1>\n<p>LE CLOS DES G\u00ceTES, s\u2019engage \u00e0 garantir un niveau de protection des donn\u00e9es personnelles de ses clients, prospects, utilisateurs de son site \u00a0sites internet et de toute autre personne dont elle traite les donn\u00e9es personnelles.<\/p>\n<p>LE CLOS DES G\u00ceTES s\u2019engage \u00e0 respecter la r\u00e9glementation applicable \u00e0 l\u2019ensemble des traitements de donn\u00e9es personnelles qu\u2019elle met en \u0153uvre :<\/p>\n<p>Vos donn\u00e9es personnelles sont trait\u00e9es de mani\u00e8re licite, loyale et transparente ;<\/p>\n<p>Vos donn\u00e9es personnelles sont collect\u00e9es pour des finalit\u00e9s d\u00e9termin\u00e9es, explicites et l\u00e9gitimes, et ne sont pas trait\u00e9es ult\u00e9rieurement d\u2019une mani\u00e8re incompatible avec ces finalit\u00e9s ;<\/p>\n<p>Vos donn\u00e9es personnelles sont conserv\u00e9es de mani\u00e8re ad\u00e9quate, pertinente et sont limit\u00e9es \u00e0 ce qui est n\u00e9cessaire au regard des finalit\u00e9s pour lesquelles elles sont trait\u00e9es ;<\/p>\n<p>Vos donn\u00e9es personnelles sont exactes, tenues \u00e0 jour et toutes les mesures raisonnables sont prises pour que les donn\u00e9es inexactes, eu \u00e9gard aux finalit\u00e9s pour lesquelles elles sont trait\u00e9es, soient effac\u00e9es ou rectifi\u00e9es sans tarder.<\/p>\n<p>LE CLOS DES G\u00ceTES met en \u0153uvre les mesures techniques et organisationnelles appropri\u00e9es afin de garantir un niveau de s\u00e9curit\u00e9 adapt\u00e9 au risque inh\u00e9rent \u00e0 ses op\u00e9rations de traitement, r\u00e9pondre aux exigences r\u00e9glementaires et prot\u00e9ger les droits et les donn\u00e9es des personnes concern\u00e9es d\u00e8s la conception des op\u00e9rations de traitement.<\/p>\n<h1><strong>2 \u2013 QUELLES SONT LES DONN\u00c9ES PERSONNELLES QUE NOUS COLLECTONS?<\/strong><\/h1>\n<h1><strong>A \u2013 En fonction du but de la collecte<\/strong><\/h1>\n<p>Les donn\u00e9es personnelles que nous collectons varient en fonction du but de la collecte et du Service que nous vous fournissons.<\/p>\n<p>G\u00e9n\u00e9ralement, nous pouvons \u00eatre amen\u00e9s \u00e0 collecter de mani\u00e8re directe les cat\u00e9gories de donn\u00e9es personnelles suivantes :<\/p>\n<ol>\n<li>Coordonn\u00e9es personnelles, telles que votre nom, votre pr\u00e9nom, votre adresse e-mail, votre adresse postale et votre ou vos num\u00e9ro(s) de t\u00e9l\u00e9phone ;<\/li>\n<li>Echanges avec nous, ce qui peut inclure les d\u00e9tails des conversations par le biais du mail et t\u00e9l\u00e9phone<\/li>\n<li>Informations d\u00e9mographiques, telles que votre \u00e2ge, votre genre et vos pr\u00e9f\u00e9rences de modes de vie (entre autres vos produits favoris et l\u2019int\u00e9r\u00eat que vous y portez) ;<\/li>\n<li>Historiques de navigation, telles que les pages visit\u00e9es, la date de la visite, la localisation lors de la visite, ou encore l\u2019adresse IP ;<\/li>\n<li>Informations relatives au paiement lorsqu\u2019un achat ou une r\u00e9servation est r\u00e9alis\u00e9 sur l\u2019un de nos sites. G\u00e9n\u00e9ralement la facture est \u00e9dit\u00e9e \u00e0 votre nom, votre adresse de facturation et donn\u00e9es de paiement telles que votre carte de cr\u00e9dit ou votre compte bancaire ;<\/li>\n<\/ol>\n<p>Nous pouvons \u00e9galement collecter des donn\u00e9es personnelles vous concernant de mani\u00e8re indirecte lorsque vous partagez du contenu sur les r\u00e9seaux sociaux, sites internet, boutique ou applications relatifs \u00e0 nos produits et prestations, ou r\u00e9pondant \u00e0 nos post et nos annonces promotionnelles sur les r\u00e9seaux sociaux.<\/p>\n<h1><strong>B \u2013 Donn\u00e9es personnelles concernant les mineurs<\/strong><\/h1>\n<p>LE CLOS DES G\u00ceTES ne collecte ni ne traite de donn\u00e9es personnelles relatives aux enfants de moins de 18 ans sans accord pr\u00e9alable des parents ou titulaires de la responsabilit\u00e9 parentale \u00e0 l\u2019\u00e9gard de l\u2019enfant.<\/p>\n<p>Si des donn\u00e9es personnelles concernant des enfants sont collect\u00e9es via nos sites: site internet, les parents ou titulaires de l\u2019exercice de l\u2019autorit\u00e9 parentale ont la possibilit\u00e9 de s\u2019y opposer en nous contactant \u00e0 l\u2019adresse indiqu\u00e9e en bas de cette page.<\/p>\n<h1><strong>3 \u2013 COMMENT SONT COLLECT\u00c9ES LES DONN\u00c9ES PERSONNELLES ?<\/strong><\/h1>\n<h1><strong>A \u2013 Moyens de collecte de vos donn\u00e9es<\/strong><\/h1>\n<p>Dans le cadre de nos relations, vous \u00eates susceptibles de nous communiquer vos donn\u00e9es personnelles par diff\u00e9rents moyens et notamment sur notre internet et applications mobiles lors de vos navigations internet, r\u00e9servations, en remplissant les divers formulaires de collecte, lors d\u2019une souscription \u00e0 la e-newsletter, lorsque vous publiez des commentaires sur nos pages de r\u00e9seaux sociaux, lorsque vous \u00e9tablissez tout contact avec notre \u00e9tablissement ou lorsque vous nous transmettez de toute autre mani\u00e8re vos donn\u00e9es personnelles.<\/p>\n<h1><strong>B \u2013 Adresse IP<\/strong><\/h1>\n<p>L\u2019adresse IP est une s\u00e9rie de chiffres qui est assign\u00e9e automatiquement \u00e0 votre ordinateur par votre fournisseur d\u2019acc\u00e8s internet \u00e0 chaque connexion. A chacune de vos requ\u00eates sur le site, nos serveurs enregistrent la trace de votre passage. Nous collectons les adresses IP dans le but d\u2019analyser les tendances sur le site. Nous ne transmettons aucune information qui permette de vous identifier, ce qui veut dire que votre session sera enregistr\u00e9e, mais restera anonyme pour nous. Nous pouvons utiliser votre adresse IP en coop\u00e9ration avec votre fournisseur d\u2019acc\u00e8s internet pour vous identifier dans le cas o\u00f9 nous devrions appliquer les conditions d\u2019utilisation pour prot\u00e9ger nos services, clients ou par respect des lois en vigueur.<\/p>\n<h1><strong>C \u2013 Cookies<\/strong><\/h1>\n<p>Afin d\u2019am\u00e9liorer constamment la qualit\u00e9 des services propos\u00e9s sur nos sites: site internet et leur ad\u00e9quation avec vos attentes, LE CLOS DES G\u00ceTES est susceptible d\u2019utiliser des \u00ab cookies \u00bb, fichiers texte servant \u00e0 identifier votre terminal lorsque vous vous connectez \u00e0 l\u2019un de nos services. Le d\u00e9p\u00f4t de cookie ou traceur dans votre terminal (ordinateur, tablette, smartphone, etc.) permet au CLOS DES G\u00ceTES de collecter des informations et donn\u00e9es personnelles, selon votre choix de param\u00e9trage de votre terminal.<\/p>\n<p><strong>Types de cookies utilis\u00e9s :<\/strong><\/p>\n<ol>\n<li>Cookies indispensables \u00e0 l\u2019utilisation du site. Ils vous permettent d\u2019utiliser les principales fonctionnalit\u00e9s du site, telles que l\u2019achat ou la r\u00e9servation de prestations par exemple. En d\u00e9sactivant l\u2019utilisation des cookies, vous ne pourrez plus b\u00e9n\u00e9ficier de ces fonctionnalit\u00e9s. Les informations conserv\u00e9es ne peuvent \u00eatre utilis\u00e9es \u00e0 des fins commerciales.<\/li>\n<li>Cookies de performance du site. Les cookies de performance nous permettent d\u2019optimiser notre site internet et de d\u00e9tecter les \u00e9ventuels probl\u00e8mes techniques que vous pourriez rencontrer. Ils nous permettent de recueillir des informations sur la fa\u00e7on dont vous utilisez le site, notamment le nombre de visites par page, le nombre de messages d\u2019erreur affich\u00e9s, le temps pass\u00e9 sur une page, ou encore le nombre de clics sur une zone du site. Les informations conserv\u00e9es ne peuvent \u00eatre utilis\u00e9es \u00e0 des fins commerciales.<\/li>\n<li>Cookies de fonctionnalit\u00e9s. Ces cookies permettent au site de m\u00e9moriser les choix que vous avez effectu\u00e9s (comme votre nom d\u2019utilisateur, la langue choisie ou la r\u00e9gion o\u00f9 vous vous trouvez) et fournir des caract\u00e9ristiques plus pr\u00e9cises et personnelles. Ces cookies peuvent aussi \u00eatre utilis\u00e9s pour m\u00e9moriser les modifications apport\u00e9es par l\u2019utilisateur, comme la taille du texte ou la police de caract\u00e8res. Ils peuvent \u00e9galement servir pour fournir des services que vous avez sollicit\u00e9s, comme regarder une vid\u00e9o ou laisser un commentaire sur un blog. Les informations collect\u00e9es par ces cookies peuvent \u00eatre rendues anonymes et ne peuvent pas suivre votre activit\u00e9 de navigation sur d\u2019autres sites. En utilisant notre site Web, vous acceptez de recevoir ce type de cookies sur votre dispositif.<\/li>\n<li>Cookies de marketing publicitaire. Ces cookies collectent des informations concernant vos habitudes en mati\u00e8re de navigation Internet afin de vous proposer des publicit\u00e9s qui vous sont adapt\u00e9es et correspondent \u00e0 vos centres d\u2019int\u00e9r\u00eat. Ils permettent \u00e9galement de limiter le nombre de fois que vous verrez une publicit\u00e9 et nous aident \u00e0 \u00e9valuer l\u2019efficacit\u00e9 de nos campagnes publicitaires. Ils sont en g\u00e9n\u00e9ral install\u00e9s par des r\u00e9seaux publicitaires avec l\u2019autorisation de l\u2019op\u00e9rateur du site Internet. Ils m\u00e9morisent les visites effectu\u00e9es sur un site et partagent ces informations avec d\u2019autres entreprises (des publicitaires par exemple). Les cookies cibl\u00e9s ou publicitaires sont souvent li\u00e9s aux fonctionnalit\u00e9s du site fournies par l\u2019entreprise partenaire. Les informations sont collect\u00e9es et partag\u00e9es avec des tiers pour proposer des ciblages d\u2019audience et des solutions d\u2019optimisation pour les annonceurs publicitaires et les \u00e9diteurs. Aucune donn\u00e9e personnelle n\u2019est recueillie et un individu ne peut \u00eatre identifi\u00e9 via les donn\u00e9es collect\u00e9es.<\/li>\n<li>Cookies provenant des sites internet tiers et r\u00e9seaux sociaux Notre site Internet contient des liens et\/ou des contenus renvoyant vers d\u2019autres sites et r\u00e9seaux sociaux, et nous ne savons pas quels sont les cookies utilis\u00e9s par ces derniers. Pour en savoir plus, veuillez consulter les informations fournies par ces sites tiers et r\u00e9seaux sociaux sur leurs propres cookies.<\/li>\n<\/ol>\n<h1><strong>D \u2013 Respect de votre vie priv\u00e9e<\/strong><\/h1>\n<p>Nous nous engageons en faveur de la protection de votre priv\u00e9e et respectons les 2 principes suivants.<\/p>\n<p>\u2013 Nous associons \u00e0 vos cookies aucune information permettant de vous identifier directement et personnellement. Les cookies ne permettent en aucun cas de conna\u00eetre votre adresse, votre date de naissance, votre num\u00e9ro de t\u00e9l\u00e9phone ou toute autre information permettant de vous identifier.<\/p>\n<p>\u2013 Nous ne fournissons aucune information personnelle aux annonceurs ni aux sites tiers qui affichent nos annonces bas\u00e9es sur vos centres d\u2019int\u00e9r\u00eat.<\/p>\n<p>Si votre ordinateur ou votre mobile est utilis\u00e9 par plusieurs personnes, ou s\u2019il dispose de plusieurs logiciels de navigation, il est possible que les contenus affich\u00e9s aux autres utilisateurs correspondent \u00e0 vos pr\u00e9f\u00e9rences. Si vous le souhaitez, vous pouvez modifier les param\u00e8tres de votre navigateur.<\/p>\n<p>Pour plus d\u2019informations sur la fa\u00e7on dont fonctionnent les cookies et la publicit\u00e9 cibl\u00e9e, vous pouvez consulter le site de la Cnil :<span>\u00a0<\/span><a href=\"https:\/\/www.cnil.fr\/fr\/cookies-les-outils-pour-les-maitriser\">https:\/\/www.cnil.fr\/fr\/cookies-les-outils-pour-les-maitriser<\/a>.<\/p>\n<h1><strong>E \u2013 Liens vers des sites tiers<\/strong><\/h1>\n<p>Notre site internet peut comporter des liens redirigeant vers des sites Web tiers.<\/p>\n<p>Nous d\u00e9clinons toute responsabilit\u00e9 dans la collecte, l\u2019utilisation, la gestion, le partage ou la divulgation de donn\u00e9es et d\u2019informations par ces tiers.<\/p>\n<p>La communication d\u2019informations sur les sites tiers est r\u00e9gie par la politique de confidentialit\u00e9 et les conditions d\u2019utilisation de ces sites. Nous vous recommandons de lire les politiques de confidentialit\u00e9 de ces sites Web avant de soumettre toute information personnelle.<\/p>\n<h1><strong>4 \u2013 \u00c0 QUOI SERVENT LES DONN\u00c9ES SUSCEPTIBLES D\u2019\u00caTRE COLLECT\u00c9ES ?<\/strong><\/h1>\n<p>Vos donn\u00e9es sont principalement utilis\u00e9es \u00e0 des fins de r\u00e9servation et d\u2019achat (fourniture de prestations, de services sp\u00e9cifiques et de produits), prospection, fid\u00e9lisation, animation, information commerciale, enqu\u00eates de satisfaction, organisation de jeux concours, nouveaux services et produits destin\u00e9s \u00e0 am\u00e9liorer votre exp\u00e9rience client au sein de notre \u00e9tablissement, \u00e9tudes statistiques, recrutement, service apr\u00e8s-vente, traitement de vos demandes et\/ou r\u00e9clamations. Outre les cas o\u00f9 votre consentement a \u00e9t\u00e9 recueilli (notamment pour vous communiquer des offres personnalis\u00e9es), le traitement de vos donn\u00e9es pour les diff\u00e9rentes finalit\u00e9s susvis\u00e9es est notamment n\u00e9cessaire :<\/p>\n<p>Pour assurer l\u2019ex\u00e9cution du contrat de prestations ;<\/p>\n<p>Pour respecter une obligation l\u00e9gale ;<\/p>\n<p>Aux fins des int\u00e9r\u00eats l\u00e9gitimes poursuivis par notre \u00e9tablissement (notamment d\u00e9velopper des nouveaux services et offres, am\u00e9liorer le service client\u2026).<\/p>\n<p>Plus particuli\u00e8rement, vos donn\u00e9es sont utilis\u00e9es :<\/p>\n<p>Pour vous permettre de b\u00e9n\u00e9ficier de l\u2019ensemble des services ou prestations disponibles sur le site internet de notre \u00e9tablissement, son site mobile, sa boutique et ses applications mobiles : cr\u00e9ation d\u2019un compte utilisateur, e-newsletter, gestion des r\u00e9servations, assistance et r\u00e9clamation, gestion des programmes de fid\u00e9lit\u00e9, etc. ;<\/p>\n<p>Pour vous permettre de naviguer sur nos sites internet ;<\/p>\n<p>Pour faire correspondre au mieux nos informations, nos notifications, nos offres et autres formes de services \u00e0 vos int\u00e9r\u00eats ;<\/p>\n<p>Pour faciliter l\u2019accomplissement des formalit\u00e9s administratives relatives \u00e0 la r\u00e9servation et \u00e0 l\u2019achat.<\/p>\n<h1><strong>5 \u2013 COMBIEN DE TEMPS VOS DONN\u00c9ES SONT-ELLES CONSERV\u00c9ES ?<\/strong><\/h1>\n<p>LE CLOS DES G\u00ceTES s\u2019engage \u00e0 conserver vos donn\u00e9es personnelles pour une dur\u00e9e n\u2019exc\u00e9dant pas celle n\u00e9cessaire aux finalit\u00e9s pour lesquelles elles sont trait\u00e9es.<\/p>\n<p>Les dur\u00e9es de conservation sont d\u00e9finies en fonction des finalit\u00e9s de traitement mis en \u0153uvre par LE CLOS DES G\u00ceTES et tiennent notamment compte des dispositions l\u00e9gales applicables imposant une dur\u00e9e de conservation pr\u00e9cise pour certaines cat\u00e9gories de donn\u00e9es, des \u00e9ventuels d\u00e9lais de prescription applicables ainsi que des recommandations de la CNIL concernant certaines cat\u00e9gories de traitements de donn\u00e9es.<\/p>\n<h1><strong>6 \u2013 QUI EST SUSCEPTIBLE D\u2019ACC\u00c9DER \u00c0 VOS DONN\u00c9ES PERSONNELLES ?<\/strong><\/h1>\n<h1><strong>A \u2013 Destinataires de vos donn\u00e9es<\/strong><\/h1>\n<p>Les donn\u00e9es collect\u00e9es sur nos site internet sont susceptibles d\u2019\u00eatre communiqu\u00e9es \u00e0 notre personnel interne, ou \u00e0 ses prestataires de services annexes (sous-traitants, prestataires, banques), dans le cadre de l\u2019accomplissement de tout ou partie des prestations vis\u00e9es ci-dessus. Nous vous rappelons que dans ce cadre, LE CLOS DES G\u00ceTES demande \u00e0 ses prestataires de mettre en place des mesures strictes de confidentialit\u00e9 et de protection de ces donn\u00e9es.<\/p>\n<h1><strong>7 \u2013 COMMENT EXERCER VOS DROITS ?<\/strong><\/h1>\n<p>Conform\u00e9ment \u00e0 la r\u00e9glementation applicable en mati\u00e8re de protection des donn\u00e9es personnelles, vous pouvez, \u00e0 tout moment, exercer vos droits d\u2019acc\u00e8s, de rectification, de suppression des donn\u00e9es vous concernant ainsi que vos droits de limitation et d\u2019opposition au traitement et \u00e0 la portabilit\u00e9 de vos donn\u00e9es personnelles.<\/p>\n<p>En outre, vous disposez l\u00e9galement du droit de d\u00e9finir des directives relatives au sort de vos donn\u00e9es \u00e0 caract\u00e8re personnel post mortem.<\/p>\n<p>Par ailleurs, toute personne mineure au moment de la collecte de ses donn\u00e9es personnelles peut en obtenir l\u2019effacement dans les meilleurs d\u00e9lais.<\/p>\n<p><strong>Ces droits s\u2019exercent par courrier \u00e0 l\u2019adresse suivante :<\/strong><\/p>\n<p><strong>LE CLOS DES G\u00ceTES,<\/strong><\/p>\n<p><strong>Lotissement La Borie<\/strong><\/p>\n<p><strong>04200 Chateauneuf Val St Donat<\/strong><\/p>\n<p><strong>FR<\/strong><\/p>\n<p><strong><a href=\"mailto:leclosdesgites@gmail.com\">leclosdesgites@gmail.com<\/a><\/strong><\/p>\n<p>Dans ce cadre, nous vous prions de bien vouloir accompagner votre demande des \u00e9l\u00e9ments n\u00e9cessaires \u00e0 votre identification (nom, pr\u00e9nom, e-mail) ainsi que toute autre information n\u00e9cessaire \u00e0 la confirmation de votre identit\u00e9. Vous disposez \u00e9galement d\u2019un droit de recours aupr\u00e8s de la Commission Nationale de l\u2019Informatique et des Libert\u00e9s en cas de violation de la r\u00e9glementation applicable en mati\u00e8re de protection des Donn\u00e9es Personnelles et notamment du RGPD.<\/p>\n<h1><strong>8 \u2013 S\u00c9CURIT\u00c9 INFORMATIQUE \/ S\u00c9CURISATION DES TRANSACTIONS<\/strong><\/h1>\n<p>Veiller \u00e0 la s\u00e9curit\u00e9 et \u00e0 la confidentialit\u00e9 des donn\u00e9es personnelles que vous nous confiez est une priorit\u00e9 pour le Clos des G\u00eetes. Nous mettons ainsi en \u0153uvre toutes les mesures techniques et organisationnelles utiles, au regard de la nature, de la port\u00e9e et du contexte des donn\u00e9es personnelles que vous nous communiquez et des risques pr\u00e9sent\u00e9s par leur traitement, pour pr\u00e9server la s\u00e9curit\u00e9 de vos donn\u00e9es personnelles et, notamment, emp\u00eacher toute destruction, perte, alt\u00e9ration, divulgation, intrusion ou acc\u00e8s non autoris\u00e9 \u00e0 ces donn\u00e9es, de mani\u00e8re accidentelle ou illicite.<\/p>\n<p>LE CLOS DES G\u00ceTES, s\u2019efforce de lutter contre les pratiques d\u2019usurpation d\u2019identit\u00e9 sur internet. C\u2019est la raison pour laquelle nous utilisons par exemple un dispositif de d\u00e9tection des paiements frauduleux effectu\u00e9s par carte bancaire. Ce dispositif a vocation \u00e0 vous prot\u00e9ger en cas de perte ou de vol de votre carte bancaire.<\/p>\n<p>La s\u00e9curit\u00e9 et la confidentialit\u00e9 des donn\u00e9es personnelles reposent sur les bonnes pratiques de chacun. C\u2019est la raison pour laquelle nous vous invitons \u00e0 ne pas communiquer vos mots de passe \u00e0 des tiers, \u00e0 vous d\u00e9connecter syst\u00e9matiquement de votre profil et de votre compte social (notamment en cas de comptes li\u00e9s) et \u00e0 fermer la fen\u00eatre de votre navigateur \u00e0 l\u2019issue de votre session de travail, particuli\u00e8rement si vous acc\u00e9dez \u00e0 internet depuis un poste informatique partag\u00e9 avec d\u2019autres personnes. Vous \u00e9viterez ainsi que d\u2019autres utilisateurs acc\u00e8dent \u00e0 vos informations personnelles.<\/p>\n<h1><strong>9 \u2013 CONTACTEZ-NOUS<\/strong><\/h1>\n<p>Pour toute question compl\u00e9mentaire relative \u00e0 cette politique ou \u00e0 la mani\u00e8re dont \u00a0LE CLOS DES G\u00ceTES, traite vos donn\u00e9es personnelles, nous vous invitons \u00e0 nous contacter \u00e0 l\u2019adresse suivante :\u00a0<a href=\"mailto:leclosdesgites@gmail.com\">leclosdesgites@gmail.com<\/a><\/p>\n<p>Le Clos des G\u00eetes<\/p>\n<p>Lotissement La Borie<\/p>\n<p>04200 CHATEAUNEUF VAL ST DONAT<\/p>\n<h1><strong>10 \u2013 MODIFICATIONS DE LA DECLARATION<\/strong><\/h1>\n<p>LE CLOS DES G\u00ceTES, se r\u00e9serve le droit d\u2019adapter la politique de protection des donn\u00e9es personnelles. Lorsque nous apportons des modifications substantielles \u00e0 la pr\u00e9sente D\u00e9claration, nous publions sur la page d\u2019accueil de notre site un lien vers la d\u00e9claration de confidentialit\u00e9.<\/p>\n[\/et_pb_text][\/et_pb_column][\/et_pb_row][\/et_pb_section]\n","protected":false},"excerpt":{"rendered":"<p>Politique de confidentialit\u00e9 du Clos des G\u00eetes Introduction Dans le cadre de l\u2019utilisation de ses services et notamment des services accessibles sur son site internet, LE CLOS DES G\u00ceTES, en qualit\u00e9 de responsable de traitement, est susceptible de collecter et traiter des donn\u00e9es \u00e0 caract\u00e8re personnel vous concernant. Nous sommes attach\u00e9s au respect des r\u00e8gles [&hellip;]<\/p>\n","protected":false},"author":2,"featured_media":0,"parent":0,"menu_order":0,"comment_status":"closed","ping_status":"closed","template":"","meta":{"_et_pb_use_builder":"on","_et_pb_old_content":"","_et_gb_content_width":"","content-type":"","_uag_custom_page_level_css":"","_monsterinsights_skip_tracking":false,"_monsterinsights_sitenote_active":false,"_monsterinsights_sitenote_note":"","_monsterinsights_sitenote_category":0,"_uf_show_specific_survey":0,"_uf_disable_surveys":false},"yoast_head":"<!-- This site is optimized with the Yoast SEO plugin v21.8.1 - https:\/\/yoast.com\/wordpress\/plugins\/seo\/ -->\n<title>Politique de confidentialit\u00e9<\/title>\n<meta name=\"robots\" content=\"index, follow, max-snippet:-1, max-image-preview:large, max-video-preview:-1\" \/>\n<link rel=\"canonical\" href=\"https:\/\/leclosdesgites.com\/en\/politique-de-confidentialite-au-clos-des-gites-en-2019\/\" \/>\n<meta property=\"og:locale\" content=\"en_US\" \/>\n<meta property=\"og:locale:alternate\" content=\"fr_FR\" \/>\n<meta property=\"og:type\" content=\"article\" \/>\n<meta property=\"og:title\" content=\"Politique de confidentialit\u00e9\" \/>\n<meta property=\"og:description\" content=\"Politique de confidentialit\u00e9 du Clos des G\u00eetes Introduction Dans le cadre de l\u2019utilisation de ses services et notamment des services accessibles sur son site internet, LE CLOS DES G\u00ceTES, en qualit\u00e9 de responsable de traitement, est susceptible de collecter et traiter des donn\u00e9es \u00e0 caract\u00e8re personnel vous concernant. Nous sommes attach\u00e9s au respect des r\u00e8gles [&hellip;]\" \/>\n<meta property=\"og:url\" content=\"https:\/\/leclosdesgites.com\/en\/politique-de-confidentialite-au-clos-des-gites-en-2019\/\" \/>\n<meta property=\"og:site_name\" content=\"Le Clos des Gites\" \/>\n<meta property=\"article:publisher\" content=\"https:\/\/www.facebook.com\/leclosdesgites\/\" \/>\n<meta property=\"article:modified_time\" content=\"2022-10-07T09:27:05+00:00\" \/>\n<meta name=\"twitter:card\" content=\"summary_large_image\" \/>\n<meta name=\"twitter:label1\" content=\"Est. reading time\" \/>\n\t<meta name=\"twitter:data1\" content=\"14 minutes\" \/>\n<script type=\"application\/ld+json\" class=\"yoast-schema-graph\">{\"@context\":\"https:\/\/schema.org\",\"@graph\":[{\"@type\":\"WebPage\",\"@id\":\"https:\/\/leclosdesgites.com\/politique-de-confidentialite-au-clos-des-gites-en-2019\/\",\"url\":\"https:\/\/leclosdesgites.com\/politique-de-confidentialite-au-clos-des-gites-en-2019\/\",\"name\":\"Politique de confidentialit\u00e9\",\"isPartOf\":{\"@id\":\"https:\/\/leclosdesgites.com\/#website\"},\"datePublished\":\"2021-12-15T18:22:40+00:00\",\"dateModified\":\"2022-10-07T09:27:05+00:00\",\"breadcrumb\":{\"@id\":\"https:\/\/leclosdesgites.com\/politique-de-confidentialite-au-clos-des-gites-en-2019\/#breadcrumb\"},\"inLanguage\":\"en-US\",\"potentialAction\":[{\"@type\":\"ReadAction\",\"target\":[\"https:\/\/leclosdesgites.com\/politique-de-confidentialite-au-clos-des-gites-en-2019\/\"]}]},{\"@type\":\"BreadcrumbList\",\"@id\":\"https:\/\/leclosdesgites.com\/politique-de-confidentialite-au-clos-des-gites-en-2019\/#breadcrumb\",\"itemListElement\":[{\"@type\":\"ListItem\",\"position\":1,\"name\":\"Accueil\",\"item\":\"https:\/\/leclosdesgites.com\/\"},{\"@type\":\"ListItem\",\"position\":2,\"name\":\"Politique de confidentialit\u00e9\"}]},{\"@type\":\"WebSite\",\"@id\":\"https:\/\/leclosdesgites.com\/#website\",\"url\":\"https:\/\/leclosdesgites.com\/\",\"name\":\"Le Clos des Gites\",\"description\":\"Gite familial avec piscine dans les Alpes de Haute Provence\",\"potentialAction\":[{\"@type\":\"SearchAction\",\"target\":{\"@type\":\"EntryPoint\",\"urlTemplate\":\"https:\/\/leclosdesgites.com\/?s={search_term_string}\"},\"query-input\":\"required name=search_term_string\"}],\"inLanguage\":\"en-US\"}]}<\/script>\n<!-- \/ Yoast SEO plugin. -->","yoast_head_json":{"title":"Politique de confidentialit\u00e9","robots":{"index":"index","follow":"follow","max-snippet":"max-snippet:-1","max-image-preview":"max-image-preview:large","max-video-preview":"max-video-preview:-1"},"canonical":"https:\/\/leclosdesgites.com\/en\/politique-de-confidentialite-au-clos-des-gites-en-2019\/","og_locale":"en_US","og_type":"article","og_title":"[:fr]Politique de confidentialit\u00e9[:] - Le Clos des Gites","og_description":"Politique de confidentialit\u00e9 du Clos des G\u00eetes Introduction Dans le cadre de l\u2019utilisation de ses services et notamment des services accessibles sur son site internet, LE CLOS DES G\u00ceTES, en qualit\u00e9 de responsable de traitement, est susceptible de collecter et traiter des donn\u00e9es \u00e0 caract\u00e8re personnel vous concernant. Nous sommes attach\u00e9s au respect des r\u00e8gles [&hellip;]","og_url":"https:\/\/leclosdesgites.com\/en\/politique-de-confidentialite-au-clos-des-gites-en-2019\/","og_site_name":"Le Clos des Gites","article_publisher":"https:\/\/www.facebook.com\/leclosdesgites\/","article_modified_time":"2022-10-07T09:27:05+00:00","twitter_card":"summary_large_image","twitter_misc":{"Est. reading time":"14 minutes"},"schema":{"@context":"https:\/\/schema.org","@graph":[{"@type":"WebPage","@id":"https:\/\/leclosdesgites.com\/politique-de-confidentialite-au-clos-des-gites-en-2019\/","url":"https:\/\/leclosdesgites.com\/politique-de-confidentialite-au-clos-des-gites-en-2019\/","name":"Politique de confidentialit\u00e9","isPartOf":{"@id":"https:\/\/leclosdesgites.com\/#website"},"datePublished":"2021-12-15T18:22:40+00:00","dateModified":"2022-10-07T09:27:05+00:00","breadcrumb":{"@id":"https:\/\/leclosdesgites.com\/politique-de-confidentialite-au-clos-des-gites-en-2019\/#breadcrumb"},"inLanguage":"en-US","potentialAction":[{"@type":"ReadAction","target":["https:\/\/leclosdesgites.com\/politique-de-confidentialite-au-clos-des-gites-en-2019\/"]}]},{"@type":"BreadcrumbList","@id":"https:\/\/leclosdesgites.com\/politique-de-confidentialite-au-clos-des-gites-en-2019\/#breadcrumb","itemListElement":[{"@type":"ListItem","position":1,"name":"Accueil","item":"https:\/\/leclosdesgites.com\/"},{"@type":"ListItem","position":2,"name":"Politique de confidentialit\u00e9"}]},{"@type":"WebSite","@id":"https:\/\/leclosdesgites.com\/#website","url":"https:\/\/leclosdesgites.com\/","name":"Le Clos des Gites","description":"Gite familial avec piscine dans les Alpes de Haute Provence","potentialAction":[{"@type":"SearchAction","target":{"@type":"EntryPoint","urlTemplate":"https:\/\/leclosdesgites.com\/?s={search_term_string}"},"query-input":"required name=search_term_string"}],"inLanguage":"en-US"}]}},"jetpack_sharing_enabled":true,"uagb_featured_image_src":{"full":false,"thumbnail":false,"medium":false,"medium_large":false,"large":false,"1536x1536":false,"2048x2048":false,"et-pb-post-main-image":false,"et-pb-post-main-image-fullwidth":false,"et-pb-portfolio-image":false,"et-pb-portfolio-module-image":false,"et-pb-portfolio-image-single":false,"et-pb-gallery-module-image-portrait":false,"et-pb-post-main-image-fullwidth-large":false,"et-pb-image--responsive--desktop":false,"et-pb-image--responsive--tablet":false,"et-pb-image--responsive--phone":false},"uagb_author_info":{"display_name":"Odile V","author_link":"https:\/\/leclosdesgites.com\/en\/author\/odile\/"},"uagb_comment_info":0,"uagb_excerpt":"Politique de confidentialit\u00e9 du Clos des G\u00eetes Introduction Dans le cadre de l\u2019utilisation de ses services et notamment des services accessibles sur son site internet, LE CLOS DES G\u00ceTES, en qualit\u00e9 de responsable de traitement, est susceptible de collecter et traiter des donn\u00e9es \u00e0 caract\u00e8re personnel vous concernant. Nous sommes attach\u00e9s au respect des r\u00e8gles&hellip;","_links":{"self":[{"href":"https:\/\/leclosdesgites.com\/en\/wp-json\/wp\/v2\/pages\/6806"}],"collection":[{"href":"https:\/\/leclosdesgites.com\/en\/wp-json\/wp\/v2\/pages"}],"about":[{"href":"https:\/\/leclosdesgites.com\/en\/wp-json\/wp\/v2\/types\/page"}],"author":[{"embeddable":true,"href":"https:\/\/leclosdesgites.com\/en\/wp-json\/wp\/v2\/users\/2"}],"replies":[{"embeddable":true,"href":"https:\/\/leclosdesgites.com\/en\/wp-json\/wp\/v2\/comments?post=6806"}],"version-history":[{"count":4,"href":"https:\/\/leclosdesgites.com\/en\/wp-json\/wp\/v2\/pages\/6806\/revisions"}],"predecessor-version":[{"id":6942,"href":"https:\/\/leclosdesgites.com\/en\/wp-json\/wp\/v2\/pages\/6806\/revisions\/6942"}],"wp:attachment":[{"href":"https:\/\/leclosdesgites.com\/en\/wp-json\/wp\/v2\/media?parent=6806"}],"curies":[{"name":"wp","href":"https:\/\/api.w.org\/{rel}","templated":true}]}}